{"id":900,"date":"2025-11-24T16:21:34","date_gmt":"2025-11-24T15:21:34","guid":{"rendered":"https:\/\/nidus.digital\/?page_id=900"},"modified":"2026-04-29T10:26:28","modified_gmt":"2026-04-29T08:26:28","slug":"politica-de-privacidad","status":"publish","type":"page","link":"https:\/\/nidus.digital\/es\/politica-de-privacidad\/","title":{"rendered":"Pol\u00edtica de privacidad"},"content":{"rendered":"\n<h1 class=\"wp-block-heading\">Pol\u00edtica de privacidad<\/h1>\n\n\n\n<h3 class=\"wp-block-heading\">Tratamiento de datos personales<\/h3>\n\n\n\n<p>De conformidad con lo establecido en el Reglamento (UE) 2016\/679 del Parlamento Europeo y del Consejo, de 27 de abril de 2016 (en adelante, \u201cRGPD\u201d), as\u00ed como en la normativa nacional aplicable en su caso, se informa de que todos los datos personales que el Usuario facilite a trav\u00e9s del sitio web isocial.cat o isocial.barcelona (en adelante, el \u201cSitio web\u201d) ser\u00e1n incorporados y tratados en el sistema de tratamiento de datos personales de la Fundaci\u00f3n iSocial con las finalidades que se describen a continuaci\u00f3n.<\/p>\n\n\n\n<p>La cumplimentaci\u00f3n de todos los datos solicitados, en su caso, a trav\u00e9s del Sitio web es necesaria para lograr una prestaci\u00f3n \u00f3ptima de los servicios puestos a disposici\u00f3n del usuario. En caso de no facilitarse todos los datos requeridos por la Fundaci\u00f3n iSocial, no se garantiza que la informaci\u00f3n y los servicios facilitados puedan prestarse, se presten correctamente o se ajusten a las necesidades del usuario.<\/p>\n\n\n\n<h3 class=\"wp-block-heading\">Informaci\u00f3n b\u00e1sica sobre protecci\u00f3n de datos personales<\/h3>\n\n\n\n<h4 class=\"wp-block-heading\">Responsable del tratamiento<\/h4>\n\n\n\n<p>El Responsable del tratamiento de los datos recogidos es:<\/p>\n\n\n\n<p><strong>Fundaci\u00f3n iSocial<\/strong>, con domicilio en la Calle Lepant 151, 08013 Barcelona y con correo electr\u00f3nico de contacto: <a href=\"mailto:isocial@isocial.cat\">isocial@isocial.cat<\/a>.<\/p>\n\n\n\n<h4 class=\"wp-block-heading\">Finalidades<\/h4>\n\n\n\n<p>Los datos personales facilitados a la Fundaci\u00f3n iSocial se utilizar\u00e1n para:<\/p>\n\n\n\n<ol class=\"wp-block-list\">\n<li><strong>Posibilitar el mantenimiento, desarrollo y gesti\u00f3n de la relaci\u00f3n formalizada<\/strong> mediante la contrataci\u00f3n de servicios a trav\u00e9s de este Sitio web. Los datos tratados con esta finalidad se conservar\u00e1n mientras se mantenga dicha relaci\u00f3n y, una vez finalizada, durante los plazos de conservaci\u00f3n y prescripci\u00f3n de responsabilidades legalmente previstos.<\/li>\n\n\n\n<li><strong>Atender las solicitudes de informaci\u00f3n y\/o consultas<\/strong> realizadas por el usuario. Los datos tratados con esta finalidad se conservar\u00e1n durante los plazos de conservaci\u00f3n y prescripci\u00f3n de responsabilidades legalmente previstos.<\/li>\n\n\n\n<li><strong>Mantener informado al usuario<\/strong>, incluso por medios electr\u00f3nicos, sobre los productos, servicios y novedades de la Fundaci\u00f3n iSocial. Los datos tratados con esta finalidad se conservar\u00e1n hasta el momento en que el usuario retire su consentimiento. Si el usuario no consiente el tratamiento de sus datos con esta finalidad, deber\u00e1 marcar la casilla habilitada a tal efecto en el Sitio web.<\/li>\n\n\n\n<li><strong>Realizar, mediante el uso de cookies, an\u00e1lisis estad\u00edsticos<\/strong> del comportamiento del conjunto de los usuarios en el Sitio web durante su navegaci\u00f3n.<\/li>\n<\/ol>\n\n\n\n<h4 class=\"wp-block-heading\">Conservaci\u00f3n de los datos<\/h4>\n\n\n\n<p>Los datos personales proporcionados se conservar\u00e1n durante el tiempo necesario para cumplir con la finalidad para la que se recaban y para determinar las posibles responsabilidades que se pudieran derivar de dicha finalidad, adem\u00e1s de los per\u00edodos establecidos en la normativa de archivos y documentaci\u00f3n.<\/p>\n\n\n\n<h4 class=\"wp-block-heading\">Destinatarios<\/h4>\n\n\n\n<p>Con car\u00e1cter general, no se comunicar\u00e1n los datos personales a terceros, salvo por obligaci\u00f3n legal, entre las cuales pueden encontrarse las comunicaciones a las autoridades competentes o a terceros encargados del tratamiento, para que la Fundaci\u00f3n iSocial lleve a cabo las finalidades previstas en esta pol\u00edtica de privacidad.<\/p>\n\n\n\n<p>La excepci\u00f3n a lo anterior ser\u00e1n las comunicaciones que puedan realizarse a las siguientes categor\u00edas de encargados del tratamiento: proveedores de comunicaciones electr\u00f3nicas y ofim\u00e1tica online, hosting, servicios SaaS como CRM\/ERP, gestor\u00edas, contabilidad, auditor\u00eda y abogados.<\/p>\n\n\n\n<p>La Fundaci\u00f3n iSocial podr\u00e1 transferir datos de car\u00e1cter personal a encargados ubicados en los Estados Unidos de Am\u00e9rica adheridos al Privacy Shield, que cuenta con una decisi\u00f3n de adecuaci\u00f3n de la Comisi\u00f3n Europea (Decisi\u00f3n de Ejecuci\u00f3n (UE) 2016\/1250 de la Comisi\u00f3n).<\/p>\n\n\n\n<h4 class=\"wp-block-heading\">Ejercicio de derechos<\/h4>\n\n\n\n<p>El usuario podr\u00e1 ejercer los siguientes derechos previstos en el RGPD en relaci\u00f3n con el tratamiento de sus datos personales:<\/p>\n\n\n\n<ul class=\"wp-block-list\">\n<li>Derecho a solicitar el acceso a los datos personales del interesado.<\/li>\n\n\n\n<li>Derecho a solicitar su rectificaci\u00f3n o supresi\u00f3n.<\/li>\n\n\n\n<li>Derecho a solicitar la limitaci\u00f3n de su tratamiento.<\/li>\n\n\n\n<li>Derecho a oponerse al tratamiento.<\/li>\n\n\n\n<li>Derecho a la portabilidad de los datos.<\/li>\n\n\n\n<li>Derecho a no ser objeto de decisiones individualizadas automatizadas.<\/li>\n<\/ul>\n\n\n\n<p>Estos derechos podr\u00e1n ejercerse mediante comunicaci\u00f3n escrita dirigida a la Fundaci\u00f3n iSocial, C\/ Sancho de \u00c1vila, 105, D204, 08013 Barcelona, o por correo electr\u00f3nico a la direcci\u00f3n <a href=\"mailto:isocial@isocial.cat\">isocial@isocial.cat<\/a>. En ambos casos, el usuario interesado deber\u00e1 adjuntar una copia de su documento nacional de identidad, pasaporte u otro documento v\u00e1lido que lo identifique.<\/p>\n\n\n\n<p>La comunicaci\u00f3n deber\u00e1 realizarse de forma inmediata y, en ning\u00fan caso, m\u00e1s all\u00e1 del d\u00eda laborable siguiente al de la recepci\u00f3n de la solicitud, junto con, en su caso, cualquier otra informaci\u00f3n que pueda ser relevante para resolverla. El interesado tendr\u00e1 derecho a presentar una reclamaci\u00f3n ante la autoridad de control.<\/p>\n\n\n\n<h4 class=\"wp-block-heading\">Consentimiento del usuario<\/h4>\n\n\n\n<p>El Usuario declara haber le\u00eddo y aceptado expresamente la presente Pol\u00edtica de Privacidad, otorgando, en su caso, su consentimiento inequ\u00edvoco y expreso a la Fundaci\u00f3n iSocial para el tratamiento de los datos de acuerdo con las finalidades aqu\u00ed descritas.<\/p>\n\n\n\n<p>En el caso de que el usuario facilite a la Fundaci\u00f3n iSocial datos personales de terceros, declara que dichos datos son veraces y que ha informado y solicitado el consentimiento a dichos terceros, cuyos datos facilita, para que sus datos personales sean tratados por la Fundaci\u00f3n iSocial en los mismos t\u00e9rminos en los que el usuario ha sido informado y ha prestado su consentimiento en la presente pol\u00edtica de privacidad.<\/p>\n\n\n\n<p>El usuario se obliga a mantener indemne a la Fundaci\u00f3n iSocial frente a cualquier posible reclamaci\u00f3n, multa o sanci\u00f3n a la que pudiera verse obligada como consecuencia del incumplimiento por parte del usuario de lo descrito en el p\u00e1rrafo anterior.<\/p>\n\n\n\n<h4 class=\"wp-block-heading\">Confidencialidad<\/h4>\n\n\n\n<p>Los datos recogidos en todas las comunicaciones privadas entre la Fundaci\u00f3n iSocial y los usuarios ser\u00e1n tratados con absoluta confidencialidad, comprometi\u00e9ndose la Fundaci\u00f3n iSocial a cumplir con la obligaci\u00f3n de secreto de los datos de car\u00e1cter personal, a guardarlos y a adoptar todas las medidas necesarias para evitar su alteraci\u00f3n, p\u00e9rdida, tratamiento o acceso no autorizado, de acuerdo con la legislaci\u00f3n vigente en materia de protecci\u00f3n de datos.<\/p>\n\n\n\n<p>Asimismo, tendr\u00e1 car\u00e1cter confidencial cualquier informaci\u00f3n de cualquier tipo que las partes intercambien entre s\u00ed o que estas acuerden que tenga tal naturaleza. La visualizaci\u00f3n de datos a trav\u00e9s de Internet no supondr\u00e1 el acceso directo a los mismos, salvo consentimiento expreso de su titular para cada ocasi\u00f3n.<\/p>\n\n\n\n<h4 class=\"wp-block-heading\">Cambios en la pol\u00edtica de seguridad y protecci\u00f3n de datos<\/h4>\n\n\n\n<p>La <strong>Fundaci\u00f3n iSocial<\/strong> se reserva el derecho a modificar su pol\u00edtica de seguridad y protecci\u00f3n de datos con el fin de adaptarla a las novedades legislativas o jurisprudenciales, as\u00ed como a las que pudieran derivarse de c\u00f3digos tipo existentes en la materia o por decisiones corporativas estrat\u00e9gicas, con efectos desde la fecha de publicaci\u00f3n de dicha modificaci\u00f3n en el Sitio web de la Fundaci\u00f3n iSocial.<\/p>\n\n\n\n<div style=\"height:80px\" aria-hidden=\"true\" class=\"wp-block-spacer\"><\/div>\n","protected":false},"excerpt":{"rendered":"<p>Pol\u00edtica de privacidad Tratamiento de datos personales De conformidad con lo establecido en el Reglamento (UE) 2016\/679 del Parlamento Europeo y del Consejo, de 27 de abril de 2016 (en adelante, \u201cRGPD\u201d), as\u00ed como en la normativa nacional aplicable en su caso, se informa de que todos los datos personales que el Usuario facilite a &hellip;<\/p>\n","protected":false},"author":1,"featured_media":0,"parent":0,"menu_order":0,"comment_status":"closed","ping_status":"closed","template":"","meta":{"inline_featured_image":false,"_kad_blocks_custom_css":"","_kad_blocks_head_custom_js":"","_kad_blocks_body_custom_js":"","_kad_blocks_footer_custom_js":"","footnotes":""},"class_list":["post-900","page","type-page","status-publish","hentry","post","without-featured-image"],"taxonomy_info":[],"featured_image_src_large":false,"author_info":{"display_name":"admin","author_link":"https:\/\/nidus.digital\/es\/author\/server_081uguje\/"},"comment_info":0,"_links":{"self":[{"href":"https:\/\/nidus.digital\/es\/wp-json\/wp\/v2\/pages\/900","targetHints":{"allow":["GET"]}}],"collection":[{"href":"https:\/\/nidus.digital\/es\/wp-json\/wp\/v2\/pages"}],"about":[{"href":"https:\/\/nidus.digital\/es\/wp-json\/wp\/v2\/types\/page"}],"author":[{"embeddable":true,"href":"https:\/\/nidus.digital\/es\/wp-json\/wp\/v2\/users\/1"}],"replies":[{"embeddable":true,"href":"https:\/\/nidus.digital\/es\/wp-json\/wp\/v2\/comments?post=900"}],"version-history":[{"count":1,"href":"https:\/\/nidus.digital\/es\/wp-json\/wp\/v2\/pages\/900\/revisions"}],"predecessor-version":[{"id":901,"href":"https:\/\/nidus.digital\/es\/wp-json\/wp\/v2\/pages\/900\/revisions\/901"}],"wp:attachment":[{"href":"https:\/\/nidus.digital\/es\/wp-json\/wp\/v2\/media?parent=900"}],"curies":[{"name":"wp","href":"https:\/\/api.w.org\/{rel}","templated":true}]}}